{"id":2814,"date":"2015-01-21T12:36:24","date_gmt":"2015-01-21T12:36:24","guid":{"rendered":"http:\/\/www.lasnereidasaltea.com\/?page_id=2814"},"modified":"2015-01-21T12:48:51","modified_gmt":"2015-01-21T12:48:51","slug":"villa-galacea-iframe","status":"publish","type":"page","link":"https:\/\/www.lasnereidasaltea.com\/fr\/villa-galacea-iframe\/","title":{"rendered":"VILLA GALACEA-IFRAME"},"content":{"rendered":"<p>[vc_row][vc_column width=\u00a0\u00bb1\/1&Prime;][vc_gallery type=\u00a0\u00bbflexslider_fade\u00a0\u00bb interval=\u00a0\u00bb3&Prime; images=\u00a0\u00bb1642,1643,1644,1645,1646&Prime; onclick=\u00a0\u00bblink_image\u00a0\u00bb custom_links_target=\u00a0\u00bb_self\u00a0\u00bb img_size=\u00a0\u00bb1200&#215;700&Prime;][\/vc_column][\/vc_row][vc_row][vc_column width=\u00a0\u00bb1\/1&Prime;][vc_separator type=\u00a0\u00bbspace\u00a0\u00bb height=\u00a0\u00bb20&Prime;][\/vc_column][\/vc_row][vc_row][vc_column width=\u00a0\u00bb1\/1&Prime;][vc_column_text]<\/p>\n<h4 style=\"text-align: center;\">DESCRIPTION DE LA VILLA GALACEA<\/h4>\n<p>[\/vc_column_text][vc_separator type=\u00a0\u00bbspace\u00a0\u00bb height=\u00a0\u00bb20&Prime;][vc_column_text]<\/p>\n<p style=\"text-align: justify;\">Villa de luxe exclusif \u00e0 Altea, dans le prestigieux <strong>\u201cAlteaHills\u201d<\/strong>.<\/p>\n<p style=\"text-align: justify;\">Situ\u00e9 sur la Costa Blanca, avec des vues spectaculaires sur la baie d&rsquo;Altea et les montagnes prodigieuses de la Sierra de Bernia, o\u00f9 vous pourrez profiter de la plupart de l&rsquo;ann\u00e9e dans un climat chaud et ensoleill\u00e9.<\/p>\n<p style=\"text-align: justify;\">La propri\u00e9t\u00e9 fait partie d&rsquo;une communaut\u00e9 de maisons exclusives adapt\u00e9 \u00e0 l&rsquo;environnement et con\u00e7u pour satisfaire pleinement de votre s\u00e9jour.<\/p>\n<p>[\/vc_column_text][vc_separator type=\u00a0\u00bbspace\u00a0\u00bb height=\u00a0\u00bb20&Prime;][vc_column_text css_animation=\u00a0\u00bbleft-to-right\u00a0\u00bb]<\/p>\n<h3 style=\"text-align: center;\">DISPONIBILIT\u00c9 SAISONNI\u00c8RE GALACEA<\/h3>\n<p style=\"text-align: center;\"><strong>D&rsquo; 14\/07\/14 AL 03\/08\/14 <\/strong>PRIX PAR SEMAINE: <strong>5.000 \u20ac<\/strong><\/p>\n<p style=\"text-align: center;\"><strong>D&rsquo; 04\/08\/14 AU 31\/08\/14 <\/strong>PRIX PAR SEMAINE: <strong>5.500 \u20ac<\/strong><\/p>\n<p style=\"text-align: center;\"><strong>D&rsquo; 01\/09\/14 AU 21\/09\/14 <\/strong>PRIX PAR SEMAINE: <strong>3.500 \u20ac<\/strong><\/p>\n<p style=\"text-align: center;\"><strong>D&rsquo; 22\/09\/14 AU 31\/03\/15 <\/strong>PRIX PAR SEMAINE: <strong>2.500 \u20ac<\/strong><\/p>\n<p style=\"text-align: center;\"><strong>D&rsquo; 01\/04\/15 AU 04\/05\/15 <\/strong>PRIX PAR SEMAINE: <strong>3.000 \u20ac<\/strong><\/p>\n<p style=\"text-align: center;\"><strong>D&rsquo; 05\/05\/15 AU 15\/06\/15 <\/strong>PRIX PAR SEMAINE: <strong>3.500 \u20ac<\/strong><\/p>\n<p style=\"text-align: center;\"><strong>D&rsquo; 16\/06\/15 AU 13\/07\/15 <\/strong>PRIX PAR SEMAINE: <strong>4.000 \u20ac<\/strong><\/p>\n<p style=\"text-align: center;\"><strong>D&rsquo; 14\/07\/15 AU 03\/08\/15 <\/strong>PRIX PAR SEMAINE: <strong>5.000 \u20ac<\/strong><\/p>\n<p style=\"text-align: center;\"><strong>D&rsquo; 04\/08\/15 AL 31\/08\/15 <\/strong>PRIX PAR SEMAINE: <strong>5.500 \u20ac<\/strong><\/p>\n<p style=\"text-align: center;\"><strong>D&rsquo; 01\/09\/15 AU 21\/09\/15 <\/strong>PRIX PAR SEMAINE: <strong>3.500 \u20ac<\/strong><\/p>\n<p>[\/vc_column_text][vc_column_text css_animation=\u00a0\u00bbleft-to-right\u00a0\u00bb]<\/p>\n<h3 style=\"text-align: center;\">AUTRES CONDITIONS<\/h3>\n<p style=\"text-align: center;\">PRIX \u200b\u200b\u00c0 LONG TERME: <strong>4500\u20ac mensuel<\/strong>.<\/p>\n<p style=\"text-align: center;\">CAUTION REMBOURSABLE POUR BAIL: <strong>2.500\u20ac<\/strong><\/p>\n<p style=\"text-align: center;\">CAPACIT\u00c9 <strong>8 PERSONNES<\/strong><\/p>\n<p>[\/vc_column_text][vc_single_image image=\u00a0\u00bb1089&Prime; img_link_large=\u00a0\u00bbyes\u00a0\u00bb img_link_target=\u00a0\u00bb_self\u00a0\u00bb img_size=\u00a0\u00bb720X400&Prime;][vc_column_text]<\/p>\n<h4 style=\"text-align: center;\">LIVRE VILLA GALACEA<\/h4>\n<p>[\/vc_column_text][\/vc_column][\/vc_row][vc_row][vc_column width=\u00a0\u00bb1\/4&Prime;][\/vc_column][vc_column width=\u00a0\u00bb1\/2&Prime;][vc_raw_html]JTNDcCUzRSUzQ2lmcmFtZSUyMHNyYyUzRCUyMmh0dHAlM0ElMkYlMkZ3d3cubGFzbmVyZWlkYXNhbHRlYS5jb20lMkZmcmFuY2VzLWlmcmFtZSUyRiUyMiUyMGFsaWduJTNEJTIyY2VudGVyJTIyJTIwd2lkdGglM0QlMjI2MDAlMjIlMjBoZWlnaHQlM0QlMjIxOTAwJTIyJTIwc2Nyb2xsaW5nJTNEJTIybm8lMjIlM0UlMjAlM0MlMkZpZnJhbWUlM0UlM0MlMkZwJTNF[\/vc_raw_html][\/vc_column][vc_column width=\u00a0\u00bb1\/4&Prime;][\/vc_column][\/vc_row][vc_row][vc_column width=\u00a0\u00bb1\/1&Prime;][vc_separator type=\u00a0\u00bbspace\u00a0\u00bb height=\u00a0\u00bb20&Prime;][vc_column_text]<\/p>\n<p style=\"text-align: justify;\">La villa se compose d&rsquo;un total de <strong>486m2<\/strong> qui <strong>240m2<\/strong> sont bo\u00eetier ferm\u00e9 et <strong>246m2<\/strong> terrasses.<\/p>\n<p style=\"text-align: justify;\">L&rsquo;espace est divis\u00e9 en trois niveaux, dont les grandes fen\u00eatres donner un \u00e9clairage clair et substantiel au logement.<\/p>\n<p>[\/vc_column_text][vc_column_text]<\/p>\n<p style=\"text-align: justify;\">Le premier \u00e9tage donne acc\u00e8s \u00e0 la villa et garage (suffisant pour deux voitures), en entrant, nous avons trouv\u00e9 un espace d\u00e9tente magnifique pour se reposer constamment regarder la mer somptueux et vue sur la montagne.<\/p>\n<p style=\"text-align: justify;\">L&rsquo;\u00e9tage principal est l&rsquo;endroit o\u00f9 sont situ\u00e9s les domaines sociaux de la villa. Trouv\u00e9 en elle une grande surface compos\u00e9e d&rsquo;un salon, salle \u00e0 manger et cuisine ouverte avec des appareils et ustensiles de cuisine haut de gamme. L&rsquo;\u00e9tage dispose d&rsquo;un cabinet de toilette et nous donne acc\u00e8s \u00e0 la belle terrasse avec piscine et espace d\u00e9tente, toujours accompagn\u00e9 par les vues imprenables sur la mer et la montagne.<\/p>\n<p style=\"text-align: justify;\">Cette plante contient la suite ou chambre des ma\u00eetres, qui a un grand placard int\u00e9gr\u00e9 et une salle de bains luxueuse avec baignoire \u00e0 d\u00e9bordement et de la colonne d&rsquo;eau. \u00c0 la fois un contact permanent avec la vitre panoramique offerte par l&rsquo;architecture.<\/p>\n<p>[\/vc_column_text][vc_separator type=\u00a0\u00bbspace\u00a0\u00bb height=\u00a0\u00bb20&Prime;][vc_column_text]<\/p>\n<p>ENTR\u00c9E GARAGE ET \u00c9CHECS<\/p>\n<p>[\/vc_column_text][\/vc_column][\/vc_row][vc_row][vc_column width=\u00a0\u00bb1\/3&Prime;][vc_single_image img_link_target=\u00a0\u00bb_self\u00a0\u00bb image=\u00a0\u00bb795&Prime; img_size=\u00a0\u00bb370&#215;220&Prime; img_link_large=\u00a0\u00bbyes\u00a0\u00bb][\/vc_column][vc_column width=\u00a0\u00bb1\/3&Prime;][vc_single_image img_link_target=\u00a0\u00bb_self\u00a0\u00bb image=\u00a0\u00bb799&Prime; img_size=\u00a0\u00bb370&#215;220&Prime; img_link_large=\u00a0\u00bbyes\u00a0\u00bb][\/vc_column][vc_column width=\u00a0\u00bb1\/3&Prime;][vc_single_image image=\u00a0\u00bb798&Prime; img_link_target=\u00a0\u00bb_self\u00a0\u00bb img_size=\u00a0\u00bb370&#215;220&Prime; img_link_large=\u00a0\u00bbyes\u00a0\u00bb][\/vc_column][\/vc_row][vc_row][vc_column width=\u00a0\u00bb1\/1&Prime;][vc_column_text]<\/p>\n<p>HALL, CUISINE ET WC. MASTER SUITE ET BAIN<\/p>\n<p>[\/vc_column_text][\/vc_column][\/vc_row][vc_row][vc_column width=\u00a0\u00bb1\/3&Prime;][vc_single_image image=\u00a0\u00bb1089&Prime; img_link_target=\u00a0\u00bb_self\u00a0\u00bb img_size=\u00a0\u00bb370X220&Prime; img_link_large=\u00a0\u00bbyes\u00a0\u00bb][vc_single_image image=\u00a0\u00bb1092&Prime; img_link_target=\u00a0\u00bb_self\u00a0\u00bb img_size=\u00a0\u00bb370X220&Prime; img_link_large=\u00a0\u00bbyes\u00a0\u00bb][vc_single_image image=\u00a0\u00bb2202&Prime; img_link_target=\u00a0\u00bb_self\u00a0\u00bb img_size=\u00a0\u00bb370X220&Prime; img_link_large=\u00a0\u00bbyes\u00a0\u00bb][vc_single_image image=\u00a0\u00bb2353&Prime; img_link_target=\u00a0\u00bb_self\u00a0\u00bb img_size=\u00a0\u00bb370&#215;245&Prime; img_link_large=\u00a0\u00bbyes\u00a0\u00bb][\/vc_column][vc_column width=\u00a0\u00bb1\/3&Prime;][vc_single_image image=\u00a0\u00bb1090&Prime; img_link_target=\u00a0\u00bb_self\u00a0\u00bb img_size=\u00a0\u00bb370X220&Prime; img_link_large=\u00a0\u00bbyes\u00a0\u00bb][vc_single_image image=\u00a0\u00bb912&Prime; img_link_target=\u00a0\u00bb_self\u00a0\u00bb img_size=\u00a0\u00bb370X220&Prime; img_link_large=\u00a0\u00bbyes\u00a0\u00bb][vc_single_image image=\u00a0\u00bb807&Prime; img_link_target=\u00a0\u00bb_self\u00a0\u00bb img_size=\u00a0\u00bb370&#215;245&Prime; img_link_large=\u00a0\u00bbyes\u00a0\u00bb][vc_single_image image=\u00a0\u00bb917&Prime; img_link_target=\u00a0\u00bb_self\u00a0\u00bb img_size=\u00a0\u00bb370X220&Prime; img_link_large=\u00a0\u00bbyes\u00a0\u00bb][\/vc_column][vc_column width=\u00a0\u00bb1\/3&Prime;][vc_single_image image=\u00a0\u00bb805&Prime; img_link_target=\u00a0\u00bb_self\u00a0\u00bb img_size=\u00a0\u00bb370X220&Prime; img_link_large=\u00a0\u00bbyes\u00a0\u00bb][vc_single_image image=\u00a0\u00bb804&Prime; img_link_target=\u00a0\u00bb_self\u00a0\u00bb img_size=\u00a0\u00bb370X220&Prime; img_link_large=\u00a0\u00bbyes\u00a0\u00bb][vc_single_image image=\u00a0\u00bb915&Prime; img_link_target=\u00a0\u00bb_self\u00a0\u00bb img_size=\u00a0\u00bb370&#215;245&Prime; img_link_large=\u00a0\u00bbyes\u00a0\u00bb][vc_single_image image=\u00a0\u00bb2203&Prime; img_link_target=\u00a0\u00bb_self\u00a0\u00bb img_size=\u00a0\u00bb370&#215;245&Prime; img_link_large=\u00a0\u00bbyes\u00a0\u00bb][\/vc_column][\/vc_row][vc_row][vc_column width=\u00a0\u00bb1\/1&Prime;][vc_column_text]<\/p>\n<p>TERRASSE<\/p>\n<p>[\/vc_column_text][\/vc_column][\/vc_row][vc_row][vc_column width=\u00a0\u00bb1\/3&Prime;][vc_single_image image=\u00a0\u00bb1766&Prime; img_link_target=\u00a0\u00bb_self\u00a0\u00bb img_size=\u00a0\u00bb370&#215;245&Prime; img_link_large=\u00a0\u00bbyes\u00a0\u00bb][vc_single_image image=\u00a0\u00bb2352&Prime; img_link_target=\u00a0\u00bb_self\u00a0\u00bb img_size=\u00a0\u00bb370X220&Prime; img_link_large=\u00a0\u00bbyes\u00a0\u00bb][\/vc_column][vc_column width=\u00a0\u00bb1\/3&Prime;][vc_single_image image=\u00a0\u00bb1823&Prime; img_link_target=\u00a0\u00bb_self\u00a0\u00bb img_size=\u00a0\u00bb370X220&Prime; img_link_large=\u00a0\u00bbyes\u00a0\u00bb][vc_single_image image=\u00a0\u00bb1646&Prime; img_link_target=\u00a0\u00bb_self\u00a0\u00bb img_size=\u00a0\u00bb370X200&Prime; img_link_large=\u00a0\u00bbyes\u00a0\u00bb][\/vc_column][vc_column width=\u00a0\u00bb1\/3&Prime;][vc_single_image image=\u00a0\u00bb1824&Prime; img_link_target=\u00a0\u00bb_self\u00a0\u00bb img_size=\u00a0\u00bb370X220&Prime; img_link_large=\u00a0\u00bbyes\u00a0\u00bb][vc_single_image image=\u00a0\u00bb1763&Prime; img_link_target=\u00a0\u00bb_self\u00a0\u00bb img_size=\u00a0\u00bb370&#215;245&Prime; img_link_large=\u00a0\u00bbyes\u00a0\u00bb][\/vc_column][\/vc_row][vc_row][vc_column width=\u00a0\u00bb1\/1&Prime;][vc_separator][\/vc_column][\/vc_row][vc_row][vc_column width=\u00a0\u00bb1\/1&Prime;][vc_column_text]<\/p>\n<p style=\"text-align: justify;\">A l&rsquo;\u00e9tage inf\u00e9rieur il ya trois chambres doubles, dont deux qui donnent acc\u00e8s \u00e0 une terrasse o\u00f9 vous pouvez regarder, se d\u00e9tendre et imaginer. Il dispose \u00e9galement d&rsquo;une salle de bains luxueuse et \u00e9l\u00e9gante.<\/p>\n<p>Notez que la villa a \u00e9t\u00e9 construite avec des mat\u00e9riaux de construction les avant-gardiste et la plus innovante et les derni\u00e8res tendances en design d&rsquo;int\u00e9rieur. Comme on le voit, a constamment pens\u00e9 \u00e0 le confort de ses utilisateurs. Quant \u00e0 la s\u00e9curit\u00e9, la villa est situ\u00e9e dans une urbanisation tranquille avec 24 heures de surveillance et les syst\u00e8mes d&rsquo;enregistrement \u00e0 travers le d\u00e9veloppement de AlteaHills. La maison dispose de l&rsquo;alarme du syst\u00e8me anti-intrusion.<\/p>\n<p>La propri\u00e9t\u00e9 dispose de double vitrage en verre de s\u00e9curit\u00e9 isolant qui comprend un \u00e9cran solaire dispose d&rsquo;un chauffage par le sol, l&rsquo;air conditionn\u00e9 et de chauffage et est adapt\u00e9 pour les personnes handicap\u00e9es, car il a acc\u00e8s par ascenseur \u00e0 tous les \u00e9tages.<\/p>\n<p>[\/vc_column_text][\/vc_column][\/vc_row][vc_row][vc_column width=\u00a0\u00bb1\/1&Prime;][vc_column_text]<\/p>\n<p>REZ DE CHAUSSEE<\/p>\n<p>[\/vc_column_text][\/vc_column][\/vc_row][vc_row][vc_column width=\u00a0\u00bb1\/3&Prime;][vc_single_image image=\u00a0\u00bb1770&Prime; img_link_target=\u00a0\u00bb_self\u00a0\u00bb img_size=\u00a0\u00bb370X220&Prime; img_link_large=\u00a0\u00bbyes\u00a0\u00bb][vc_single_image image=\u00a0\u00bb924&Prime; img_link_target=\u00a0\u00bb_self\u00a0\u00bb img_size=\u00a0\u00bb370X220&Prime; img_link_large=\u00a0\u00bbyes\u00a0\u00bb][vc_single_image image=\u00a0\u00bb926&Prime; img_link_target=\u00a0\u00bb_self\u00a0\u00bb img_size=\u00a0\u00bb370X220&Prime; img_link_large=\u00a0\u00bbyes\u00a0\u00bb][\/vc_column][vc_column width=\u00a0\u00bb1\/3&Prime;][vc_single_image image=\u00a0\u00bb923&Prime; img_link_target=\u00a0\u00bb_self\u00a0\u00bb img_size=\u00a0\u00bb370X220&Prime; img_link_large=\u00a0\u00bbyes\u00a0\u00bb][vc_single_image image=\u00a0\u00bb927&Prime; img_link_target=\u00a0\u00bb_self\u00a0\u00bb img_size=\u00a0\u00bb370X220&Prime; img_link_large=\u00a0\u00bbyes\u00a0\u00bb][vc_single_image image=\u00a0\u00bb1027&Prime; img_link_target=\u00a0\u00bb_self\u00a0\u00bb img_size=\u00a0\u00bb370X220&Prime; img_link_large=\u00a0\u00bbyes\u00a0\u00bb][\/vc_column][vc_column width=\u00a0\u00bb1\/3&Prime;][vc_single_image image=\u00a0\u00bb1771&Prime; img_link_target=\u00a0\u00bb_self\u00a0\u00bb img_size=\u00a0\u00bb370X220&Prime; img_link_large=\u00a0\u00bbyes\u00a0\u00bb][vc_single_image image=\u00a0\u00bb929&Prime; img_link_target=\u00a0\u00bb_self\u00a0\u00bb img_size=\u00a0\u00bb370X680&Prime; img_link_large=\u00a0\u00bbyes\u00a0\u00bb][\/vc_column][\/vc_row][vc_row][vc_column width=\u00a0\u00bb1\/1&Prime;][vc_separator][\/vc_column][\/vc_row][vc_row][vc_column width=\u00a0\u00bb1\/1&Prime;][vc_column_text]<\/p>\n<p style=\"text-align: justify;\">La ville de Altea est bien reli\u00e9 aux a\u00e9roports de Valence (a\u00e9roport de Manises) et Alicante (El Altet). La propri\u00e9t\u00e9 est situ\u00e9e \u00e0 quelques minutes des magnifiques plages de Altea et ses gens charmants. \u00c0 proximit\u00e9, nous avons le c\u00e9l\u00e8bre parcours de golf Don Cayo. Nous sommes deux kilom\u00e8tres Club Deportivo Luis Campomanes (Marina Greenwich-Mascarat) o\u00f9 les sports diff\u00e9rents cours d&rsquo;eau (\u00e9cole de plong\u00e9e, l&rsquo;aviron, la voile, le kayak, le ski nautique, surf, amarres, location jet-skis et des bateaux &#8230;) sont offerts et \u00e0 quelques kilom\u00e8tres de la club Nautique deAltea.<\/p>\n<p><strong>Design, confort et tranquillit\u00e9 dans le meilleur quartier de Altea.<\/strong><\/p>\n<p>[\/vc_column_text][\/vc_column][\/vc_row][vc_row][vc_column width=\u00a0\u00bb1\/1&Prime;][vc_separator][\/vc_column][\/vc_row][vc_row][vc_column width=\u00a0\u00bb1\/2&Prime;][vc_column_text]<\/p>\n<h2>SERVICES<\/h2>\n<p><img src=\"http:\/\/www.lasnereidasaltea.com\/wp-content\/uploads\/2014\/07\/Familia.png\" alt=\"\" title=\"\"> Capacit\u00e9: 8 personnes<\/p>\n<p><img src=\"http:\/\/www.lasnereidasaltea.com\/wp-content\/uploads\/2014\/07\/cama-doble1.png\" alt=\"\" title=\"\"> 2 chambres avec lits doubles<\/p>\n<p><img src=\"http:\/\/www.lasnereidasaltea.com\/wp-content\/uploads\/2014\/07\/cama-indi.png\" alt=\"\" title=\"\"> 2 chambres avec lits jumeaux<\/p>\n<p><img src=\"http:\/\/www.lasnereidasaltea.com\/wp-content\/uploads\/2014\/07\/wc.png\" alt=\"\" title=\"\"> 3 Salles de bains<\/p>\n<p><img src=\"http:\/\/www.lasnereidasaltea.com\/wp-content\/uploads\/2014\/07\/banera.png\" alt=\"\" title=\"\"> baignoire<\/p>\n<p><img src=\"http:\/\/www.lasnereidasaltea.com\/wp-content\/uploads\/2014\/07\/ropa-cama1.png\" alt=\"\" title=\"\"> Literie<\/p>\n<p><img src=\"http:\/\/www.lasnereidasaltea.com\/wp-content\/uploads\/2014\/07\/Toallas.png\" alt=\"\" title=\"\"> Serviettes de bain<\/p>\n<p><img src=\"http:\/\/www.lasnereidasaltea.com\/wp-content\/uploads\/2014\/07\/Lavadora.png\" alt=\"\" title=\"\"> Appareils m\u00e9nagers: r\u00e9frig\u00e9rateur, lave-vaisselle, four, micro-ondes, lave-linge, s\u00e8che-linge<\/p>\n<p><img src=\"http:\/\/www.lasnereidasaltea.com\/wp-content\/uploads\/2014\/07\/LavaPlatos.png\" alt=\"\" title=\"\"> Cuisine \u00e9quip\u00e9e (ustensiles de cuisine)<\/p>\n<p><img src=\"http:\/\/www.lasnereidasaltea.com\/wp-content\/uploads\/2014\/07\/Tv.png\" alt=\"\" title=\"\"> Tv<\/p>\n<p><img src=\"http:\/\/www.lasnereidasaltea.com\/wp-content\/uploads\/2014\/07\/Wifi.png\" alt=\"\" title=\"\"> Internet Wifi<\/p>\n<p><img src=\"http:\/\/www.lasnereidasaltea.com\/wp-content\/uploads\/2014\/07\/calefaccion-suelo-radiante.jpg\" alt=\"\" title=\"\"> Chauffage par le sol<\/p>\n<p><img src=\"http:\/\/www.lasnereidasaltea.com\/wp-content\/uploads\/2014\/07\/AireAcondicionado.png\" alt=\"\" title=\"\"> climatisation<\/p>\n<p><img src=\"http:\/\/www.lasnereidasaltea.com\/wp-content\/uploads\/2014\/07\/Ascensor.png\" alt=\"\" title=\"\"> Soulevez 4 personnes<\/p>\n<p><img src=\"http:\/\/www.lasnereidasaltea.com\/wp-content\/uploads\/2014\/07\/Piscina.png\" alt=\"\" title=\"\"> piscine priv\u00e9e<\/p>\n<p><img src=\"http:\/\/www.lasnereidasaltea.com\/wp-content\/uploads\/2014\/07\/Balconing.png\" alt=\"\" title=\"\"> terrasse<\/p>\n<p><img src=\"http:\/\/www.lasnereidasaltea.com\/wp-content\/uploads\/2014\/07\/Balconing.png\" alt=\"\" title=\"\"> Balcon<\/p>\n<p><img src=\"http:\/\/www.lasnereidasaltea.com\/wp-content\/uploads\/2014\/07\/Parking.png\" alt=\"\" title=\"\"> Parking<\/p>\n<p><img src=\"http:\/\/www.lasnereidasaltea.com\/wp-content\/uploads\/2014\/07\/discapacitados.png\" alt=\"\" title=\"\"> acc\u00e8s handicap\u00e9s<\/p>\n<p><img src=\"http:\/\/www.lasnereidasaltea.com\/wp-content\/uploads\/2014\/07\/alarma.png\" alt=\"\" title=\"\"> Alarme<\/p>\n<p><img src=\"http:\/\/www.lasnereidasaltea.com\/wp-content\/uploads\/2014\/07\/garaje.png\" alt=\"\" title=\"\"> Garage<\/p>\n<p><img src=\"http:\/\/www.lasnereidasaltea.com\/wp-content\/uploads\/2014\/07\/Trastero.png\" alt=\"\" title=\"\"> D\u00e9barras<\/p>\n<p>[\/vc_column_text][\/vc_column][vc_column width=\u00a0\u00bb1\/2&Prime;][vc_single_image image=\u00a0\u00bb800&Prime; img_link_target=\u00a0\u00bb_self\u00a0\u00bb img_size=\u00a0\u00bb600X2000&Prime; img_link_large=\u00a0\u00bbyes\u00a0\u00bb][\/vc_column][\/vc_row][vc_row][vc_column width=\u00a0\u00bb1\/1&Prime;][vc_separator][\/vc_column][\/vc_row][vc_row][vc_column width=\u00a0\u00bb1\/1&Prime;][vc_column_text]<\/p>\n<h3>LOCALISATION<\/h3>\n<p><iframe loading=\"lazy\" style=\"border: 0;\" src=\"https:\/\/www.google.com\/maps\/embed?pb=!1m18!1m12!1m3!1d1558.2120303910438!2d-0.0049911999999999995!3d38.639128649999996!2m3!1f0!2f0!3f0!3m2!1i1024!2i768!4f13.1!3m3!1m2!1s0xd62000ece73ab0b%3A0x6e72a437ea90900!2sCalle+Gales!5e0!3m2!1ses!2ses!4v1395293297594\" width=\"1170\" height=\"550\" frameborder=\"0\"><\/iframe><\/p>\n<p>[\/vc_column_text][\/vc_column][\/vc_row]<\/p>\n","protected":false},"excerpt":{"rendered":"<p>[vc_row][vc_column width=\u00a0\u00bb1\/1&Prime;][vc_gallery type=\u00a0\u00bbflexslider_fade\u00a0\u00bb interval=\u00a0\u00bb3&Prime; images=\u00a0\u00bb1642,1643,1644,1645,1646&Prime; onclick=\u00a0\u00bblink_image\u00a0\u00bb custom_links_target=\u00a0\u00bb_self\u00a0\u00bb img_size=\u00a0\u00bb1200&#215;700&Prime;][\/vc_column][\/vc_row][vc_row][vc_column width=\u00a0\u00bb1\/1&Prime;][vc_separator type=\u00a0\u00bbspace\u00a0\u00bb height=\u00a0\u00bb20&Prime;][\/vc_column][\/vc_row][vc_row][vc_column width=\u00a0\u00bb1\/1&Prime;][vc_column_text] DESCRIPTION DE LA VILLA GALACEA [\/vc_column_text][vc_separator type=\u00a0\u00bbspace\u00a0\u00bb height=\u00a0\u00bb20&Prime;][vc_column_text] Villa de luxe exclusif \u00e0 Altea, dans le prestigieux \u201cAlteaHills\u201d. Situ\u00e9 sur la Costa Blanca, avec des vues spectaculaires sur la baie d&rsquo;Altea et les montagnes prodigieuses de la Sierra&#8230;<\/p>\n","protected":false},"author":1,"featured_media":0,"parent":0,"menu_order":0,"comment_status":"open","ping_status":"open","template":"","meta":{"_mbp_gutenberg_autopost":false,"spay_email":""},"_links":{"self":[{"href":"https:\/\/www.lasnereidasaltea.com\/fr\/wp-json\/wp\/v2\/pages\/2814"}],"collection":[{"href":"https:\/\/www.lasnereidasaltea.com\/fr\/wp-json\/wp\/v2\/pages"}],"about":[{"href":"https:\/\/www.lasnereidasaltea.com\/fr\/wp-json\/wp\/v2\/types\/page"}],"author":[{"embeddable":true,"href":"https:\/\/www.lasnereidasaltea.com\/fr\/wp-json\/wp\/v2\/users\/1"}],"replies":[{"embeddable":true,"href":"https:\/\/www.lasnereidasaltea.com\/fr\/wp-json\/wp\/v2\/comments?post=2814"}],"version-history":[{"count":5,"href":"https:\/\/www.lasnereidasaltea.com\/fr\/wp-json\/wp\/v2\/pages\/2814\/revisions"}],"predecessor-version":[{"id":2820,"href":"https:\/\/www.lasnereidasaltea.com\/fr\/wp-json\/wp\/v2\/pages\/2814\/revisions\/2820"}],"wp:attachment":[{"href":"https:\/\/www.lasnereidasaltea.com\/fr\/wp-json\/wp\/v2\/media?parent=2814"}],"curies":[{"name":"wp","href":"https:\/\/api.w.org\/{rel}","templated":true}]}}