{"id":1959,"date":"2014-03-31T10:18:02","date_gmt":"2014-03-31T10:18:02","guid":{"rendered":"http:\/\/www.lasnereidasaltea.com\/villa-halia-2-2\/"},"modified":"2019-06-17T15:53:08","modified_gmt":"2019-06-17T14:53:08","slug":"villa-halia-2","status":"publish","type":"page","link":"https:\/\/www.lasnereidasaltea.com\/fr\/villa-halia-2\/","title":{"rendered":"VILLA HALIA"},"content":{"rendered":"<p>[vc_row][vc_column width=\u00a0\u00bb1\/1&Prime;][vc_gallery type=\u00a0\u00bbflexslider_fade\u00a0\u00bb interval=\u00a0\u00bb3&Prime; images=\u00a0\u00bb1659,1660,1661,1662,1663&Prime; onclick=\u00a0\u00bblink_image\u00a0\u00bb custom_links_target=\u00a0\u00bb_self\u00a0\u00bb img_size=\u00a0\u00bb1200&#215;700&Prime;][\/vc_column][\/vc_row][vc_row][vc_column width=\u00a0\u00bb1\/1&Prime;][vc_separator][\/vc_column][\/vc_row][vc_row][vc_column width=\u00a0\u00bb1\/2&Prime;][vc_column_text]<\/p>\n<h4 style=\"text-align: center;\">DESCRIPTION DE LA VILLA HALIA<\/h4>\n<p>[\/vc_column_text][vc_column_text]<\/p>\n<p style=\"text-align: justify;\">Superbe villa en bord de mer dans la charmante ville d&rsquo;Altea, situ\u00e9 au coeur de la Costa Blanca, dans le prestigieux quartier de \u00ab\u00a0Mascarat\u00a0\u00bb. Surplombant la baie turquoise spectaculaire La Barreta et ses eaux cristallines.<\/p>\n<p>La propri\u00e9t\u00e9 fait partie d&rsquo;un complexe calme r\u00e9sidentiel de luxe o\u00f9 ils peuvent se d\u00e9tendre et profiter du soleil presque toute l&rsquo;ann\u00e9e, parce que dans Altea une microclimat chaud et ensoleill\u00e9 o\u00f9 prime le beau temps est g\u00e9n\u00e9r\u00e9.<\/p>\n<p>[\/vc_column_text][vc_column_text css_animation=\u00a0\u00bbleft-to-right\u00a0\u00bb]<\/p>\n<h3 style=\"text-align: center;\">DISPONIBILIT\u00c9 SAISONNI\u00c8RE HALIA<\/h3>\n<p style=\"text-align: center;\"><strong>D&rsquo; 22\/09\/19 AU 17\/12\/19 <\/strong>PRIX PAR SEMAINE: <strong>2.500 \u20ac<\/strong><\/p>\n<p style=\"text-align: center;\"><strong>D&rsquo; 18\/12\/19 AU 08\/01\/20 <\/strong>PRIX PAR SEMAINE: <strong>3.800 \u20ac<\/strong><\/p>\n<p style=\"text-align: center;\"><strong>D&rsquo; 09\/01\/20 AU 11\/04\/20 <\/strong>PRIX PAR SEMAINE:<strong>2.500 \u20ac<\/strong><\/p>\n<p style=\"text-align: center;\"><strong>D&rsquo; 12\/04\/20 AU 02\/05\/20\u00a0<\/strong>PRIX PAR SEMAINE: <strong>3.000 \u20ac<\/strong><\/p>\n<p style=\"text-align: center;\"><strong>D&rsquo; 03\/05\/20 AU 31\/05\/20\u00a0<\/strong>PRIX PAR SEMAINE: <strong>2.500 \u20ac<\/strong><\/p>\n<p style=\"text-align: center;\"><strong>D&rsquo; 01\/06\/19 AU 30\/06\/19\u00a0<\/strong>PRIX PAR SEMAINE: <strong>3.000 \u20ac<\/strong><\/p>\n<p style=\"text-align: center;\"><strong>D&rsquo; 01\/07\/19 AU 15\/07\/19\u00a0<\/strong>PRIX PAR SEMAINE: <strong>3.800 \u20ac<\/strong><\/p>\n<p style=\"text-align: center;\"><strong>D&rsquo; 16\/07\/19 AU 31\/07\/19\u00a0<\/strong>PRIX PAR SEMAINE: <strong>3.800 \u20ac<\/strong><\/p>\n<p style=\"text-align: center;\"><strong>D&rsquo; 01\/08\/19 AU 31\/08\/19\u00a0<\/strong>PRIX PAR SEMAINE: <strong>3.800 \u20ac<\/strong><\/p>\n<p style=\"text-align: center;\"><strong>D&rsquo; 01\/09\/19 AU 21\/09\/19\u00a0<\/strong>PRIX PAR SEMAINE: <strong>3.000 \u20ac<\/strong><\/p>\n<p>[\/vc_column_text][vc_column_text css_animation=\u00a0\u00bbleft-to-right\u00a0\u00bb]<\/p>\n<h3 style=\"text-align: center;\">AUTRES CONDITIONS<\/h3>\n<p style=\"text-align: center;\">PRIX \u200b\u200b\u00c0 LONG TERME: <strong>3.800\u20ac mensuel<\/strong>.<\/p>\n<p style=\"text-align: center;\">CAUTION REMBOURSABLE POUR BAIL: <strong>1.500\u20ac<\/strong><\/p>\n<p style=\"text-align: center;\">CAPACIT\u00c9 <strong>12 PERSONNES<\/strong><\/p>\n<p style=\"text-align: center;\">N\u00ba REGISTRO: <strong>VT-440725-A<\/strong><\/p>\n<p>[\/vc_column_text][vc_row_inner][vc_column_inner width=\u00a0\u00bb1\/1&Prime;][vc_single_image image=\u00a0\u00bb944&Prime; img_link_target=\u00a0\u00bb_self\u00a0\u00bb img_size=\u00a0\u00bb720&#215;400&Prime; img_link_large=\u00a0\u00bbyes\u00a0\u00bb][\/vc_column_inner][\/vc_row_inner][\/vc_column][vc_column width=\u00a0\u00bb1\/2&Prime;][vc_column_text]<\/p>\n<h4 style=\"text-align: center;\">LIVRE VILLA HALIA<\/h4>\n<p>[\/vc_column_text][vc_column_text]<\/p>\n<p>[CP_BCCF_FORM calendar=\u00a0\u00bb6&Prime;]<\/p>\n<p>[\/vc_column_text][\/vc_column][\/vc_row][vc_row][vc_column width=\u00a0\u00bb1\/1&Prime;][vc_separator][\/vc_column][\/vc_row][vc_row][vc_column width=\u00a0\u00bb1\/1&Prime;][vc_column_text]<\/p>\n<p style=\"text-align: justify;\">La propri\u00e9t\u00e9 se compose d&rsquo;un total de <strong>585m2<\/strong> dont <strong>285m2<\/strong> et <strong>300m2<\/strong> de terrasses sont ferm\u00e9es logement. L&rsquo;espace est divis\u00e9 en trois niveaux, toujours accompagn\u00e9s par les magnifiques vues sur la mer.<\/p>\n<p>Le premier \u00e9tage donne acc\u00e8s \u00e0 la villa, nous entrons dans une plate-forme incroyable est con\u00e7u pour se d\u00e9tendre et profiter de la vue magnifique et une piscine.<\/p>\n<p>[\/vc_column_text][\/vc_column][\/vc_row][vc_row][vc_column width=\u00a0\u00bb1\/1&Prime;][vc_column_text]<\/p>\n<p>Cet \u00e9tage domaines sociaux de la villa se trouvent, trouver un espace compos\u00e9 d&rsquo;un grand salon de la mer est observ\u00e9 d&rsquo;avoir acc\u00e8s \u00e0 une terrasse ext\u00e9rieure o\u00f9 vous pourrez profiter de leurs d\u00eeners et barbecues, a \u00e9galement trouv\u00e9 la cuisine place \u00e0 l&rsquo;int\u00e9rieur \u00e9quip\u00e9 avec des appareils et ustensiles n\u00e9cessaires pour faciliter votre s\u00e9jour, \u00e0 partir de laquelle vous avez acc\u00e8s \u00e0 la piscine. Le sol a une toilette.<\/p>\n<p>[\/vc_column_text][\/vc_column][\/vc_row][vc_row][vc_column width=\u00a0\u00bb1\/1&Prime;][vc_column_text]<\/p>\n<p>TERRACES<\/p>\n<p>[\/vc_column_text][\/vc_column][\/vc_row][vc_row][vc_column width=\u00a0\u00bb1\/3&Prime;][vc_single_image image=\u00a0\u00bb937&Prime; img_link_target=\u00a0\u00bb_self\u00a0\u00bb img_size=\u00a0\u00bb370&#215;220&Prime; img_link_large=\u00a0\u00bbyes\u00a0\u00bb][vc_single_image image=\u00a0\u00bb939&Prime; img_link_target=\u00a0\u00bb_self\u00a0\u00bb img_size=\u00a0\u00bb370&#215;220&Prime; img_link_large=\u00a0\u00bbyes\u00a0\u00bb][\/vc_column][vc_column width=\u00a0\u00bb1\/3&Prime;][vc_single_image image=\u00a0\u00bb935&Prime; img_link_target=\u00a0\u00bb_self\u00a0\u00bb img_size=\u00a0\u00bb370&#215;220&Prime; img_link_large=\u00a0\u00bbyes\u00a0\u00bb][vc_single_image image=\u00a0\u00bb933&Prime; img_link_target=\u00a0\u00bb_self\u00a0\u00bb img_size=\u00a0\u00bb370&#215;220&Prime; img_link_large=\u00a0\u00bbyes\u00a0\u00bb][\/vc_column][vc_column width=\u00a0\u00bb1\/3&Prime;][vc_single_image image=\u00a0\u00bb934&Prime; img_link_target=\u00a0\u00bb_self\u00a0\u00bb img_size=\u00a0\u00bb370&#215;220&Prime; img_link_large=\u00a0\u00bbyes\u00a0\u00bb][vc_single_image image=\u00a0\u00bb2282&Prime; img_link_target=\u00a0\u00bb_self\u00a0\u00bb img_size=\u00a0\u00bb370&#215;220&Prime; img_link_large=\u00a0\u00bbyes\u00a0\u00bb][\/vc_column][\/vc_row][vc_row][vc_column width=\u00a0\u00bb1\/1&Prime;][vc_column_text]<\/p>\n<p>CUISINE ET SALLE<\/p>\n<p>[\/vc_column_text][\/vc_column][\/vc_row][vc_row][vc_column width=\u00a0\u00bb1\/3&Prime;][vc_single_image img_link_target=\u00a0\u00bb_self\u00a0\u00bb image=\u00a0\u00bb1841&Prime; img_size=\u00a0\u00bb370&#215;220&Prime; img_link_large=\u00a0\u00bbyes\u00a0\u00bb][vc_single_image img_link_target=\u00a0\u00bb_self\u00a0\u00bb image=\u00a0\u00bb944&Prime; img_size=\u00a0\u00bb370&#215;220&Prime; img_link_large=\u00a0\u00bbyes\u00a0\u00bb][\/vc_column][vc_column width=\u00a0\u00bb1\/3&Prime;][vc_single_image image=\u00a0\u00bb943&Prime; img_link_target=\u00a0\u00bb_self\u00a0\u00bb img_size=\u00a0\u00bb370&#215;220&Prime; img_link_large=\u00a0\u00bbyes\u00a0\u00bb][vc_single_image image=\u00a0\u00bb1035&Prime; img_link_target=\u00a0\u00bb_self\u00a0\u00bb img_size=\u00a0\u00bb370&#215;220&Prime; img_link_large=\u00a0\u00bbyes\u00a0\u00bb][\/vc_column][vc_column width=\u00a0\u00bb1\/3&Prime;][vc_single_image image=\u00a0\u00bb942&Prime; img_link_target=\u00a0\u00bb_self\u00a0\u00bb img_size=\u00a0\u00bb370&#215;220&Prime; img_link_large=\u00a0\u00bbyes\u00a0\u00bb][vc_single_image image=\u00a0\u00bb941&Prime; img_link_target=\u00a0\u00bb_self\u00a0\u00bb img_size=\u00a0\u00bb370&#215;220&Prime; img_link_large=\u00a0\u00bbyes\u00a0\u00bb][\/vc_column][\/vc_row][vc_row][vc_column width=\u00a0\u00bb1\/1&Prime;][vc_column_text]<\/p>\n<p>PLANTE INTERM\u00c9DIAIRE<\/p>\n<p>[\/vc_column_text][\/vc_column][\/vc_row][vc_row][vc_column width=\u00a0\u00bb1\/1&Prime;][vc_column_text]<\/p>\n<p>Le prochain \u00e9tage dispose d&rsquo;une chambre avec un lit double, terrasse priv\u00e9e et une salle de bains avec baignoire, elle comprend \u00e9galement deux chambres doubles avec terrasse d&rsquo;o\u00f9 vous pourrez admirer de merveilleuses vues sur la mer. Aussi cet \u00e9tage a une salle de bains.<\/p>\n<p>[\/vc_column_text][\/vc_column][\/vc_row][vc_row][vc_column width=\u00a0\u00bb1\/4&Prime;][vc_single_image image=\u00a0\u00bb2283&Prime; img_link_target=\u00a0\u00bb_self\u00a0\u00bb img_size=\u00a0\u00bb370&#215;220&Prime; img_link_large=\u00a0\u00bbyes\u00a0\u00bb][vc_single_image image=\u00a0\u00bb1843&Prime; img_link_target=\u00a0\u00bb_self\u00a0\u00bb img_size=\u00a0\u00bb370&#215;220&Prime; img_link_large=\u00a0\u00bbyes\u00a0\u00bb][\/vc_column][vc_column width=\u00a0\u00bb1\/4&Prime;][vc_single_image image=\u00a0\u00bb954&Prime; img_link_target=\u00a0\u00bb_self\u00a0\u00bb img_size=\u00a0\u00bb370&#215;220&Prime; img_link_large=\u00a0\u00bbyes\u00a0\u00bb][vc_single_image image=\u00a0\u00bb953&Prime; img_link_target=\u00a0\u00bb_self\u00a0\u00bb img_size=\u00a0\u00bb370&#215;220&Prime; img_link_large=\u00a0\u00bbyes\u00a0\u00bb][\/vc_column][vc_column width=\u00a0\u00bb1\/4&Prime;][vc_single_image image=\u00a0\u00bb955&Prime; img_link_target=\u00a0\u00bb_self\u00a0\u00bb img_size=\u00a0\u00bb370&#215;220&Prime; img_link_large=\u00a0\u00bbyes\u00a0\u00bb][vc_single_image image=\u00a0\u00bb952&Prime; img_link_target=\u00a0\u00bb_self\u00a0\u00bb img_size=\u00a0\u00bb370&#215;220&Prime; img_link_large=\u00a0\u00bbyes\u00a0\u00bb][\/vc_column][vc_column width=\u00a0\u00bb1\/4&Prime;][vc_single_image image=\u00a0\u00bb2284&Prime; img_link_target=\u00a0\u00bb_self\u00a0\u00bb img_size=\u00a0\u00bb370&#215;220&Prime; img_link_large=\u00a0\u00bbyes\u00a0\u00bb][vc_single_image image=\u00a0\u00bb1034&Prime; img_link_target=\u00a0\u00bb_self\u00a0\u00bb img_size=\u00a0\u00bb370&#215;220&Prime; img_link_large=\u00a0\u00bbyes\u00a0\u00bb][\/vc_column][\/vc_row][vc_row][vc_column width=\u00a0\u00bb1\/1&Prime;][vc_column_text]<\/p>\n<p>L&rsquo;\u00e9tage sup\u00e9rieur se compose de deux chambres s\u00e9par\u00e9es par un panneau japonais dans lequel il ya quatre lits simples, dont deux sont des chambres avec lits nids, c&rsquo;est \u00e0 dire avec la possibilit\u00e9 d&rsquo;accueillir deux personnes, l&rsquo;h\u00e9bergement d&rsquo;une salle de bains \u00e9l\u00e9gante, luxueuse enti\u00e8rement \u00e9quip\u00e9e.<\/p>\n<p>La propri\u00e9t\u00e9 b\u00e9n\u00e9ficie d&rsquo;un chauffage par le sol et de l&rsquo;air conditionn\u00e9 et chauffage dans toute la maison, pour en faire un s\u00e9jour confortable.<\/p>\n<p>La propri\u00e9t\u00e9 dispose de places de stationnement.<\/p>\n<p>[\/vc_column_text][\/vc_column][\/vc_row][vc_row][vc_column width=\u00a0\u00bb1\/1&Prime;][vc_column_text]<\/p>\n<p>SOUS-SOL<\/p>\n<p>[\/vc_column_text][\/vc_column][\/vc_row][vc_row][vc_column width=\u00a0\u00bb1\/3&Prime;][vc_single_image image=\u00a0\u00bb1663&Prime; img_link_target=\u00a0\u00bb_self\u00a0\u00bb img_size=\u00a0\u00bb370&#215;220&Prime; img_link_large=\u00a0\u00bbyes\u00a0\u00bb][vc_single_image image=\u00a0\u00bb2317&Prime; img_link_target=\u00a0\u00bb_self\u00a0\u00bb img_size=\u00a0\u00bb370&#215;220&Prime; img_link_large=\u00a0\u00bbyes\u00a0\u00bb][vc_single_image image=\u00a0\u00bb2360&Prime; img_link_target=\u00a0\u00bb_self\u00a0\u00bb img_size=\u00a0\u00bb370&#215;220&Prime; img_link_large=\u00a0\u00bbyes\u00a0\u00bb][\/vc_column][vc_column width=\u00a0\u00bb1\/3&Prime;][vc_single_image image=\u00a0\u00bb2358&Prime; img_link_target=\u00a0\u00bb_self\u00a0\u00bb img_size=\u00a0\u00bb370&#215;220&Prime; img_link_large=\u00a0\u00bbyes\u00a0\u00bb][vc_single_image image=\u00a0\u00bb959&Prime; img_link_target=\u00a0\u00bb_self\u00a0\u00bb img_size=\u00a0\u00bb370&#215;220&Prime; img_link_large=\u00a0\u00bbyes\u00a0\u00bb][vc_single_image image=\u00a0\u00bb958&Prime; img_link_target=\u00a0\u00bb_self\u00a0\u00bb img_size=\u00a0\u00bb370&#215;220&Prime; img_link_large=\u00a0\u00bbyes\u00a0\u00bb][\/vc_column][vc_column width=\u00a0\u00bb1\/3&Prime;][vc_single_image image=\u00a0\u00bb961&Prime; img_link_target=\u00a0\u00bb_self\u00a0\u00bb img_size=\u00a0\u00bb370&#215;220&Prime; img_link_large=\u00a0\u00bbyes\u00a0\u00bb][vc_single_image image=\u00a0\u00bb962&Prime; img_link_target=\u00a0\u00bb_self\u00a0\u00bb img_size=\u00a0\u00bb370&#215;220&Prime; img_link_large=\u00a0\u00bbyes\u00a0\u00bb][vc_single_image image=\u00a0\u00bb2244&Prime; img_link_target=\u00a0\u00bb_self\u00a0\u00bb img_size=\u00a0\u00bb370&#215;220&Prime; img_link_large=\u00a0\u00bbyes\u00a0\u00bb][\/vc_column][\/vc_row][vc_row][vc_column width=\u00a0\u00bb1\/1&Prime;][vc_separator][\/vc_column][\/vc_row][vc_row][vc_column width=\u00a0\u00bb1\/1&Prime;][vc_column_text]<\/p>\n<p>La ville de Altea est bien reli\u00e9 aux a\u00e9roports de Valence (a\u00e9roport de Manises) et Alicante (El Altet).<\/p>\n<p>La propri\u00e9t\u00e9 est situ\u00e9e \u00e0 quelques minutes des magnifiques plages de Altea et ses gens charmants. \u00c0 proximit\u00e9, nous avons le c\u00e9l\u00e8bre parcours de golf Don Cayo. Nous sommes \u00e0 quelques m\u00e8tres de Club Deportivo Luis Campomanes (Marina Greenwich-Mascarat) o\u00f9 les sports diff\u00e9rents cours d&rsquo;eau (\u00e9cole de plong\u00e9e, aviron, voile, ski nautique, surf, amarres, location de jet-skis et des bateaux &#8230;) sont propos\u00e9s comme Peu Km club Nautico de Altea.<\/p>\n<p>Construire un design moderne et avant-gardiste, avec acc\u00e8s direct \u00e0 la plage, de la marina, des jardins et des promenades sinueuses o\u00f9 vous pourrez profiter de ce coin de la c\u00f4te m\u00e9diterran\u00e9enne.<\/p>\n<p>[\/vc_column_text][\/vc_column][\/vc_row][vc_row][vc_column width=\u00a0\u00bb1\/1&Prime;][vc_separator][\/vc_column][\/vc_row][vc_row][vc_column width=\u00a0\u00bb1\/2&Prime;][vc_column_text]<\/p>\n<h2>SERVICES<\/h2>\n<p><img src=\"http:\/\/www.lasnereidasaltea.com\/wp-content\/uploads\/2014\/07\/Familia.png\" alt=\"\" title=\"\"> Capacit\u00e9: 12 personnes<\/p>\n<p><img src=\"http:\/\/www.lasnereidasaltea.com\/wp-content\/uploads\/2014\/07\/cama-doble1.png\" alt=\"\" title=\"\"> 1 chambre avec lit double et 3 chambres avec 2 lits simples<\/p>\n<p><img src=\"http:\/\/www.lasnereidasaltea.com\/wp-content\/uploads\/2014\/07\/cama-indi.png\" alt=\"\" title=\"\"> 1 chambre avec deux lits doubles (jusqu&rsquo;\u00e0 4)<\/p>\n<p><img src=\"http:\/\/www.lasnereidasaltea.com\/wp-content\/uploads\/2014\/07\/wc.png\" alt=\"\" title=\"\"> 4 Salles de bains<\/p>\n<p><img src=\"http:\/\/www.lasnereidasaltea.com\/wp-content\/uploads\/2014\/07\/banera.png\" alt=\"\" title=\"\"> baignoire<\/p>\n<p><img src=\"http:\/\/www.lasnereidasaltea.com\/wp-content\/uploads\/2014\/07\/ropa-cama1.png\" alt=\"\" title=\"\"> Literie<\/p>\n<p><img src=\"http:\/\/www.lasnereidasaltea.com\/wp-content\/uploads\/2014\/07\/Toallas.png\" alt=\"\" title=\"\"> Serviettes de bain<\/p>\n<p><img src=\"http:\/\/www.lasnereidasaltea.com\/wp-content\/uploads\/2014\/07\/Lavadora.png\" alt=\"\" title=\"\"> Appareils m\u00e9nagers: r\u00e9frig\u00e9rateur, lave-vaisselle, four, micro-ondes, lave-linge, s\u00e8che-linge<\/p>\n<p><img src=\"http:\/\/www.lasnereidasaltea.com\/wp-content\/uploads\/2014\/07\/LavaPlatos.png\" alt=\"\" title=\"\"> Cuisine \u00e9quip\u00e9e (ustensiles de cuisine)<\/p>\n<p><img src=\"http:\/\/www.lasnereidasaltea.com\/wp-content\/uploads\/2014\/07\/Tv.png\" alt=\"\" title=\"\"> Tv<\/p>\n<p><img src=\"http:\/\/www.lasnereidasaltea.com\/wp-content\/uploads\/2014\/07\/Wifi.png\" alt=\"\" title=\"\"> Internet Wifi<\/p>\n<p><img src=\"http:\/\/www.lasnereidasaltea.com\/wp-content\/uploads\/2014\/07\/calefaccion-suelo-radiante.jpg\" alt=\"\" title=\"\"> Chauffage par le sol<\/p>\n<p><img src=\"http:\/\/www.lasnereidasaltea.com\/wp-content\/uploads\/2014\/07\/AireAcondicionado.png\" alt=\"\" title=\"\"> climatisation<\/p>\n<p><img src=\"http:\/\/www.lasnereidasaltea.com\/wp-content\/uploads\/2014\/07\/Piscina.png\" alt=\"\" title=\"\"> piscine priv\u00e9e<\/p>\n<p><img src=\"http:\/\/www.lasnereidasaltea.com\/wp-content\/uploads\/2014\/07\/Balconing.png\" alt=\"\" title=\"\"> terrasse<\/p>\n<p><img src=\"http:\/\/www.lasnereidasaltea.com\/wp-content\/uploads\/2014\/07\/Balconing.png\" alt=\"\" title=\"\"> Balcon<\/p>\n<p><img src=\"http:\/\/www.lasnereidasaltea.com\/wp-content\/uploads\/2014\/07\/Parking.png\" alt=\"\" title=\"\"> Parking<\/p>\n<p><img src=\"http:\/\/www.lasnereidasaltea.com\/wp-content\/uploads\/2014\/07\/alarma.png\" alt=\"\" title=\"\"> Alarme<\/p>\n<p><img src=\"http:\/\/www.lasnereidasaltea.com\/wp-content\/uploads\/2014\/07\/garaje.png\" alt=\"\" title=\"\"> Garage<\/p>\n<p><img src=\"http:\/\/www.lasnereidasaltea.com\/wp-content\/uploads\/2014\/07\/Trastero.png\" alt=\"\" title=\"\"> D\u00e9barras<\/p>\n<p>[\/vc_column_text][\/vc_column][vc_column width=\u00a0\u00bb1\/2&Prime;][vc_single_image image=\u00a0\u00bb932&Prime; img_link_target=\u00a0\u00bb_self\u00a0\u00bb img_size=\u00a0\u00bb600&#215;900&Prime; img_link_large=\u00a0\u00bbyes\u00a0\u00bb][\/vc_column][\/vc_row][vc_row][vc_column width=\u00a0\u00bb1\/1&Prime;][vc_separator][\/vc_column][\/vc_row][vc_row][vc_column width=\u00a0\u00bb1\/1&Prime;][vc_column_text]<\/p>\n<h3>LOCALISATION<\/h3>\n<p><iframe loading=\"lazy\" style=\"border: 0;\" src=\"https:\/\/www.google.com\/maps\/embed?pb=!1m18!1m12!1m3!1d3116.707875626184!2d0.002226099999995687!3d38.63260089999994!2m3!1f0!2f0!3f0!3m2!1i1024!2i768!4f13.1!3m3!1m2!1s0x129dff8b32286539%3A0x8704e6fb00bdaca0!2sCarrer+Estribord!5e0!3m2!1ses!2ses!4v1397475241807\" width=\"1170\" height=\"550\" frameborder=\"0\"><\/iframe><\/p>\n<p>[\/vc_column_text][\/vc_column][\/vc_row]<\/p>\n","protected":false},"excerpt":{"rendered":"<p>[vc_row][vc_column width=\u00a0\u00bb1\/1&Prime;][vc_gallery type=\u00a0\u00bbflexslider_fade\u00a0\u00bb interval=\u00a0\u00bb3&Prime; images=\u00a0\u00bb1659,1660,1661,1662,1663&Prime; onclick=\u00a0\u00bblink_image\u00a0\u00bb custom_links_target=\u00a0\u00bb_self\u00a0\u00bb img_size=\u00a0\u00bb1200&#215;700&Prime;][\/vc_column][\/vc_row][vc_row][vc_column width=\u00a0\u00bb1\/1&Prime;][vc_separator][\/vc_column][\/vc_row][vc_row][vc_column width=\u00a0\u00bb1\/2&Prime;][vc_column_text] DESCRIPTION DE LA VILLA HALIA [\/vc_column_text][vc_column_text] Superbe villa en bord de mer dans la charmante ville d&rsquo;Altea, situ\u00e9 au coeur de la Costa Blanca, dans le prestigieux quartier de \u00ab\u00a0Mascarat\u00a0\u00bb. Surplombant la baie turquoise spectaculaire La Barreta et ses eaux&#8230;<\/p>\n","protected":false},"author":1,"featured_media":0,"parent":0,"menu_order":0,"comment_status":"open","ping_status":"open","template":"","meta":{"_mbp_gutenberg_autopost":false,"spay_email":""},"_links":{"self":[{"href":"https:\/\/www.lasnereidasaltea.com\/fr\/wp-json\/wp\/v2\/pages\/1959"}],"collection":[{"href":"https:\/\/www.lasnereidasaltea.com\/fr\/wp-json\/wp\/v2\/pages"}],"about":[{"href":"https:\/\/www.lasnereidasaltea.com\/fr\/wp-json\/wp\/v2\/types\/page"}],"author":[{"embeddable":true,"href":"https:\/\/www.lasnereidasaltea.com\/fr\/wp-json\/wp\/v2\/users\/1"}],"replies":[{"embeddable":true,"href":"https:\/\/www.lasnereidasaltea.com\/fr\/wp-json\/wp\/v2\/comments?post=1959"}],"version-history":[{"count":30,"href":"https:\/\/www.lasnereidasaltea.com\/fr\/wp-json\/wp\/v2\/pages\/1959\/revisions"}],"predecessor-version":[{"id":3607,"href":"https:\/\/www.lasnereidasaltea.com\/fr\/wp-json\/wp\/v2\/pages\/1959\/revisions\/3607"}],"wp:attachment":[{"href":"https:\/\/www.lasnereidasaltea.com\/fr\/wp-json\/wp\/v2\/media?parent=1959"}],"curies":[{"name":"wp","href":"https:\/\/api.w.org\/{rel}","templated":true}]}}